{"id":161,"date":"2015-06-08T05:54:48","date_gmt":"2015-06-08T03:54:48","guid":{"rendered":"http:\/\/35.156.82.69\/?page_id=161"},"modified":"2018-09-11T13:34:06","modified_gmt":"2018-09-11T11:34:06","slug":"tax","status":"publish","type":"page","link":"https:\/\/deri.hu\/hu\/other-services\/tax\/","title":{"rendered":"Ad\u00f3jogi tan\u00e1csad\u00e1s"},"content":{"rendered":"<p><img decoding=\"async\" style=\"height: 290px; width: 635px;\" src=\"https:\/\/www.deri.hu\/wp-content\/uploads\/2015\/06\/taxadvisory.png\" alt=\"\" \/><\/p>\n<h4>Ad\u00f3jogi tan\u00e1csad\u00e1s<\/h4>\n<p>Ad\u00f3jogi tan\u00e1csad\u00e1si szolg\u00e1ltat\u00e1sunkat els\u0151sorban a kisv\u00e1llalatok, mez\u0151gazdas\u00e1gi c\u00e9gek vezet\u0151inek, tulajdonosainak, valamint jelent\u0151s vagyonnal rendelkez\u0151 mag\u00e1n\u00fcgyfeleinknek aj\u00e1nljuk.<\/p>\n<p>Ebben a k\u00f6rben m\u00e1sik szolg\u00e1ltat\u00e1sunk az \u00fan. m\u00e1sodv\u00e9lem\u00e9ny kiad\u00e1sa. Ennek keret\u00e9ben a konkr\u00e9t t\u00e9ny\u00e1ll\u00e1s ismeret\u00e9ben jogi v\u00e9lem\u00e9nyt mondunk k\u00f6nyvvizsg\u00e1l\u00f3 c\u00e9gek, k\u00f6nyvel\u0151 irod\u00e1k \u00e1ltal ad\u00f3t \u00e9rint\u0151 t\u00e9m\u00e1ban kiadott \u00e1ll\u00e1sfoglal\u00e1sokr\u00f3l, ad\u00f3szak\u00e9rt\u0151i v\u00e9lem\u00e9nyekr\u0151l. Ez \u00fcgyfeleinknek n\u00f6veli az adott \u00e1ll\u00e1sfoglal\u00e1ssal, v\u00e9lem\u00e9nnyel kapcsolatos biztons\u00e1g\u00e9rzet\u00e9t, \u00e9s egy esetleges ad\u00f3perrel kapcsolatosan fontos eszk\u00f6z lehet \u00fcgyfel\u00fcnk kez\u00e9ben.<\/p>\n","protected":false},"excerpt":{"rendered":"<p>Ad\u00f3jogi tan\u00e1csad\u00e1s Ad\u00f3jogi tan\u00e1csad\u00e1si szolg\u00e1ltat\u00e1sunkat els\u0151sorban a kisv\u00e1llalatok, mez\u0151gazdas\u00e1gi c\u00e9gek vezet\u0151inek, tulajdonosainak, valamint jelent\u0151s vagyonnal rendelkez\u0151 mag\u00e1n\u00fcgyfeleinknek aj\u00e1nljuk. Ebben a k\u00f6rben m\u00e1sik szolg\u00e1ltat\u00e1sunk az \u00fan. m\u00e1sodv\u00e9lem\u00e9ny kiad\u00e1sa. Ennek keret\u00e9ben a konkr\u00e9t t\u00e9ny\u00e1ll\u00e1s ismeret\u00e9ben jogi v\u00e9lem\u00e9nyt mondunk k\u00f6nyvvizsg\u00e1l\u00f3 c\u00e9gek, k\u00f6nyvel\u0151 irod\u00e1k \u00e1ltal ad\u00f3t \u00e9rint\u0151 t\u00e9m\u00e1ban kiadott \u00e1ll\u00e1sfoglal\u00e1sokr\u00f3l, ad\u00f3szak\u00e9rt\u0151i v\u00e9lem\u00e9nyekr\u0151l. Ez \u00fcgyfeleinknek n\u00f6veli az adott \u00e1ll\u00e1sfoglal\u00e1ssal, v\u00e9lem\u00e9nnyel [&hellip;]<\/p>\n","protected":false},"author":1,"featured_media":0,"parent":164,"menu_order":0,"comment_status":"closed","ping_status":"closed","template":"","meta":{"footnotes":""},"class_list":["post-161","page","type-page","status-publish","hentry"],"translation":{"provider":"WPGlobus","version":"3.0.2","language":"hu","enabled_languages":["en","hu"],"languages":{"en":{"title":true,"content":true,"excerpt":false},"hu":{"title":true,"content":true,"excerpt":false}}},"_links":{"self":[{"href":"https:\/\/deri.hu\/hu\/wp-json\/wp\/v2\/pages\/161","targetHints":{"allow":["GET"]}}],"collection":[{"href":"https:\/\/deri.hu\/hu\/wp-json\/wp\/v2\/pages"}],"about":[{"href":"https:\/\/deri.hu\/hu\/wp-json\/wp\/v2\/types\/page"}],"author":[{"embeddable":true,"href":"https:\/\/deri.hu\/hu\/wp-json\/wp\/v2\/users\/1"}],"replies":[{"embeddable":true,"href":"https:\/\/deri.hu\/hu\/wp-json\/wp\/v2\/comments?post=161"}],"version-history":[{"count":16,"href":"https:\/\/deri.hu\/hu\/wp-json\/wp\/v2\/pages\/161\/revisions"}],"predecessor-version":[{"id":642,"href":"https:\/\/deri.hu\/hu\/wp-json\/wp\/v2\/pages\/161\/revisions\/642"}],"up":[{"embeddable":true,"href":"https:\/\/deri.hu\/hu\/wp-json\/wp\/v2\/pages\/164"}],"wp:attachment":[{"href":"https:\/\/deri.hu\/hu\/wp-json\/wp\/v2\/media?parent=161"}],"curies":[{"name":"wp","href":"https:\/\/api.w.org\/{rel}","templated":true}]}}